{"id":7,"date":"2013-08-03T16:16:19","date_gmt":"2013-08-03T14:16:19","guid":{"rendered":"http:\/\/yoga-goerlitz.de\/?page_id=7"},"modified":"2015-03-21T18:51:01","modified_gmt":"2015-03-21T16:51:01","slug":"home","status":"publish","type":"page","link":"http:\/\/yoga-goerlitz.de\/?page_id=7","title":{"rendered":"Impressum"},"content":{"rendered":"<h2><strong>Verantwortlich f\u00fcr den Inhalt dieser Seiten gem\u00e4\u00df \u00a7 6 MDStV ist:<\/strong><\/h2>\n<div>\n<p>Kerstin Kunkel<br \/>\nHolteistra\u00dfe 9<br \/>\n02826 G\u00f6rlitz<\/p>\n<p>Mail:\u00a0kerstin-kunkel(at)web.de<\/p>\n<p><strong>Haftung:<\/strong><\/p>\n<p>Trotz sorgf\u00e4ltiger inhaltlicher Kontrolle \u00fcbernimmt Kerstin Kunkel keine Haftung f\u00fcr die Inhalte externer Links. F\u00fcr den Inhalt verlinkter Seiten sind ausschlie\u00dflich deren Betreiber verantwortlich.<\/p>\n<p><strong>\u00a9 Alle Rechte vorbehalten.<\/strong><\/p>\n<p>Bildquelle Ginkgo &#8211; FloraFoto<\/p>\n<p>Inhalt und Struktur dieser Webseite sind urheberrechtlich gesch\u00fctzt. Das Downloaden und die Vervielf\u00e4ltigung s\u00e4mtlicher Inhalte und Strukturelemente zu anderem als privatem Gebrauch bedarf der schriftlichen Zustimmung von Kerstin Kunkel.<\/p>\n<\/div>\n","protected":false},"excerpt":{"rendered":"<p>Verantwortlich f\u00fcr den Inhalt dieser Seiten gem\u00e4\u00df \u00a7 6 MDStV ist: Kerstin Kunkel Holteistra\u00dfe 9 02826 G\u00f6rlitz Mail:\u00a0kerstin-kunkel(at)web.de Haftung: Trotz sorgf\u00e4ltiger inhaltlicher Kontrolle \u00fcbernimmt Kerstin Kunkel keine Haftung f\u00fcr die Inhalte externer Links. F\u00fcr den Inhalt verlinkter Seiten sind ausschlie\u00dflich &hellip; <a href=\"http:\/\/yoga-goerlitz.de\/?page_id=7\">Weiterlesen <span class=\"meta-nav\">&rarr;<\/span><\/a><\/p>\n","protected":false},"author":1,"featured_media":0,"parent":0,"menu_order":7,"comment_status":"closed","ping_status":"closed","template":"","meta":[],"_links":{"self":[{"href":"http:\/\/yoga-goerlitz.de\/index.php?rest_route=\/wp\/v2\/pages\/7"}],"collection":[{"href":"http:\/\/yoga-goerlitz.de\/index.php?rest_route=\/wp\/v2\/pages"}],"about":[{"href":"http:\/\/yoga-goerlitz.de\/index.php?rest_route=\/wp\/v2\/types\/page"}],"author":[{"embeddable":true,"href":"http:\/\/yoga-goerlitz.de\/index.php?rest_route=\/wp\/v2\/users\/1"}],"replies":[{"embeddable":true,"href":"http:\/\/yoga-goerlitz.de\/index.php?rest_route=%2Fwp%2Fv2%2Fcomments&post=7"}],"version-history":[{"count":7,"href":"http:\/\/yoga-goerlitz.de\/index.php?rest_route=\/wp\/v2\/pages\/7\/revisions"}],"predecessor-version":[{"id":302,"href":"http:\/\/yoga-goerlitz.de\/index.php?rest_route=\/wp\/v2\/pages\/7\/revisions\/302"}],"wp:attachment":[{"href":"http:\/\/yoga-goerlitz.de\/index.php?rest_route=%2Fwp%2Fv2%2Fmedia&parent=7"}],"curies":[{"name":"wp","href":"https:\/\/api.w.org\/{rel}","templated":true}]}}